{"id":2261,"date":"2021-04-18T16:57:28","date_gmt":"2021-04-18T14:57:28","guid":{"rendered":"http:\/\/asimrdu.cluster030.hosting.ovh.net\/?page_id=2261"},"modified":"2025-01-07T11:07:57","modified_gmt":"2025-01-07T10:07:57","slug":"a-propos-de-cpv","status":"publish","type":"page","link":"http:\/\/www.cpvassocies.com\/index.php\/a-propos-de-cpv\/","title":{"rendered":"A propos de CPV"},"content":{"rendered":"<div class=\"bt_bb_wrapper\"><section id=\"bt_bb_section69f0c98eb1d59\"  class=\"bt_bb_section bt_bb_top_spacing_small bt_bb_layout_boxed_1000 bt_bb_vertical_align_top\" ><div class=\"bt_bb_port\"><div class=\"bt_bb_cell\"><div class=\"bt_bb_cell_inner\"><div class=\"bt_bb_row_wrapper\"><div  class=\"bt_bb_row\" ><div  class=\"bt_bb_column col-xxl-4 col-xl-4 bt_bb_vertical_align_top bt_bb_align_left bt_bb_padding_normal\"  data-width=\"4\" data-bt-override-class=\"{}\"><div class=\"bt_bb_column_content\"><header class=\"bt_bb_headline bt_bb_dash_top bt_bb_size_extralarge bt_bb_superheadline bt_bb_align_inherit\" data-bt-override-class=\"{&quot;bt_bb_size_&quot;:{&quot;current_class&quot;:&quot;bt_bb_size_extralarge&quot;,&quot;xl&quot;:&quot;extralarge&quot;},&quot;bt_bb_align_&quot;:{&quot;current_class&quot;:&quot;bt_bb_align_inherit&quot;,&quot;xl&quot;:&quot;inherit&quot;}}\"><h2 class=\"bt_bb_headline_tag\"><span class=\"bt_bb_headline_superheadline\">NOTRE CABINET<\/span><\/h2><\/header><div  class=\"bt_bb_row_inner\" ><div  class=\"bt_bb_column_inner col-xxl-12 col-xl-12 bt_bb_align_left bt_bb_vertical_align_top\"  data-width=\"12\" data-bt-override-class=\"{}\"><div class=\"bt_bb_column_inner_content\"><div class=\"bt_bb_separator bt_bb_top_spacing_small bt_bb_border_style_none\"><\/div><div  class=\"bt_bb_text\" ><\/div><div class=\"bt_bb_separator bt_bb_top_spacing_small bt_bb_border_style_none\"><\/div><div class=\"bt_bb_separator bt_bb_top_spacing_normal bt_bb_border_style_none\"><\/div><\/div><\/div><\/div><div class=\"bt_bb_image bt_bb_shape_square bt_bb_align_inherit bt_bb_hover_style_simple bt_bb_content_display_always bt_bb_content_align_middle bt_bb_fill_background_color_full\" data-bt-override-class=\"{&quot;bt_bb_align_&quot;:{&quot;current_class&quot;:&quot;bt_bb_align_inherit&quot;,&quot;xl&quot;:&quot;inherit&quot;}}\"><span><img loading=\"lazy\" decoding=\"async\" width=\"2560\" height=\"1440\" src=\"http:\/\/www.cpvassocies.com\/wp-content\/uploads\/2024\/05\/Photo-equipe-CPV-Mai-2024-2-scaled.jpg\" class=\"attachment-full size-full\" alt=\"http:\/\/www.cpvassocies.com\/wp-content\/uploads\/2024\/05\/Photo-equipe-CPV-Mai-2024-2-scaled.jpg\" data-full_image_src=\"http:\/\/www.cpvassocies.com\/wp-content\/uploads\/2024\/05\/Photo-equipe-CPV-Mai-2024-2-scaled.jpg\" title=\"Photo equipe CPV Mai 2024 2\" srcset=\"http:\/\/www.cpvassocies.com\/wp-content\/uploads\/2024\/05\/Photo-equipe-CPV-Mai-2024-2-scaled.jpg 2560w, http:\/\/www.cpvassocies.com\/wp-content\/uploads\/2024\/05\/Photo-equipe-CPV-Mai-2024-2-640x360.jpg 640w, http:\/\/www.cpvassocies.com\/wp-content\/uploads\/2024\/05\/Photo-equipe-CPV-Mai-2024-2-1280x720.jpg 1280w, http:\/\/www.cpvassocies.com\/wp-content\/uploads\/2024\/05\/Photo-equipe-CPV-Mai-2024-2-768x432.jpg 768w, http:\/\/www.cpvassocies.com\/wp-content\/uploads\/2024\/05\/Photo-equipe-CPV-Mai-2024-2-1536x864.jpg 1536w, http:\/\/www.cpvassocies.com\/wp-content\/uploads\/2024\/05\/Photo-equipe-CPV-Mai-2024-2-2048x1152.jpg 2048w, http:\/\/www.cpvassocies.com\/wp-content\/uploads\/2024\/05\/Photo-equipe-CPV-Mai-2024-2-320x180.jpg 320w\" sizes=\"(max-width: 2560px) 100vw, 2560px\" \/><\/span><\/div><\/div><\/div><div  class=\"bt_bb_column col-xxl-4 col-xl-4 bt_bb_vertical_align_top bt_bb_align_left bt_bb_padding_normal\"  data-width=\"4\" data-bt-override-class=\"{}\"><div class=\"bt_bb_column_content\"><div  class=\"bt_bb_text\" ><p>CPV Associ\u00e9s est un cabinet de conseil ind\u00e9pendant sp\u00e9cialis\u00e9 dans l\u2019optimisation de la cha\u00eene logistique globale.<br \/>\nCr\u00e9\u00e9 en 2004, CPV est au service des performances de ses clients dans les secteurs de l\u2019industrie, du commerce, des prestations logistiques\/transport et des organismes publics.<br \/>\nNotre vocation est de soutenir les organisations logistiques des entreprises dans la recherche et l\u2019obtention des performances de leurs flux de marchandises et d\u2019information, du sourcing au client final sur l\u2019ensemble des processus Supply Chain.<br \/>\nNotre connaissance approfondie de tous les maillons de la Supply Chain g\u00e9n\u00e8re un effet de levier sur la performance de nos clients.<\/p>\n<\/div><\/div><\/div><div  class=\"bt_bb_column col-xxl-4 col-xl-4 bt_bb_vertical_align_top bt_bb_align_left bt_bb_padding_normal\"  data-width=\"4\" data-bt-override-class=\"{}\"><div class=\"bt_bb_column_content\"><div  class=\"bt_bb_text\" ><p>Nos principaux clients sont des groupes industriels, des cha\u00eenes de distribution g\u00e9n\u00e9ralistes et sp\u00e9cialis\u00e9es, des prestataires logistiques, des transporteurs, des organismes et institutions publiques.<br \/>\nNous intervenons aussi bien \u00e0 des niveaux strat\u00e9giques et de conception qu\u2019en r\u00e9ponse \u00e0 des probl\u00e9matiques op\u00e9rationnelles.<br \/>\nNotre conception de la cha\u00eene logistique est fond\u00e9e sur la concertation entre les diff\u00e9rents acteurs, la satisfaction du client final et les pr\u00e9occupations environnementales.<\/p>\n<p>CPV est un cabinet exclusivement d\u00e9di\u00e9 \u00e0 la Supply-Chain, associant des experts pragmatiques aux exp\u00e9riences compl\u00e9mentaires. Ils poss\u00e8dent tous une double comp\u00e9tence des secteurs industriels et de la distribution \u00e0 des postes de direction op\u00e9rationnelle et strat\u00e9gique. Notre cr\u00e9neau : vous apporter des id\u00e9es nouvelles et \u00eatre force de proposition en solutions innovantes.<\/p>\n<\/div><\/div><\/div><\/div><\/div><div class=\"bt_bb_row_wrapper\"><div  class=\"bt_bb_row\" ><div  class=\"bt_bb_column col-xxl-12 col-xl-12 bt_bb_vertical_align_top bt_bb_align_center bt_bb_padding_normal\"  data-width=\"12\" data-bt-override-class=\"{}\"><div class=\"bt_bb_column_content\"><div class=\"bt_bb_separator bt_bb_top_spacing_small bt_bb_bottom_spacing_normal bt_bb_border_style_none\"><\/div><\/div><\/div><\/div><\/div><\/div><\/div><\/div><\/section><section id=\"bt_bb_section69f0c98eb2919\"  class=\"bt_bb_section bt_bb_top_spacing_medium bt_bb_bottom_spacing_medium bt_bb_layout_boxed_1000 bt_bb_vertical_align_top\" ><div class=\"bt_bb_port\"><div class=\"bt_bb_cell\"><div class=\"bt_bb_cell_inner\"><div class=\"bt_bb_row_wrapper\"><div  class=\"bt_bb_row\" ><\/div><\/div><div class=\"bt_bb_row_wrapper\"><div  class=\"bt_bb_row\" ><div  class=\"bt_bb_column col-xxl-4 col-xl-4 bt_bb_vertical_align_top bt_bb_align_left bt_bb_padding_normal\"  data-width=\"4\" data-bt-override-class=\"{}\"><div class=\"bt_bb_column_content\"><header class=\"bt_bb_headline bt_bb_dash_top bt_bb_size_large bt_bb_superheadline bt_bb_align_inherit\" data-bt-override-class=\"{}\"><div class=\"bt_bb_headline_superheadline_outside\"><span class=\"bt_bb_headline_superheadline\">NOTRE DEMARCHE<\/span><\/div><\/header><div class=\"bt_bb_separator bt_bb_top_spacing_small bt_bb_border_style_none\"><\/div><div  class=\"bt_bb_text\" ><p>Des consultants au service de vos projets<\/p>\n<\/div><div class=\"bt_bb_separator bt_bb_bottom_spacing_normal bt_bb_border_style_none\"><\/div><div class=\"bt_bb_separator bt_bb_bottom_spacing_normal bt_bb_border_style_none bt_bb_hidden_md bt_bb_hidden_lg\"><\/div><\/div><\/div><div  class=\"bt_bb_column col-xxl-4 col-xl-4 bt_bb_vertical_align_top bt_bb_align_left bt_bb_padding_normal\"  data-width=\"4\" data-bt-override-class=\"{}\"><div class=\"bt_bb_column_content\"><div  class=\"bt_bb_text\" ><p>Notre conception du conseil en supply chain est organis\u00e9e de mani\u00e8re structur\u00e9e et pragmatique alliant \u00e0 la fois une recherche de performance court terme et une optimisation \u00e0 plus long terme des sch\u00e9mas et des organisations logistiques.<br \/>\nNos consultants, sp\u00e9cialis\u00e9s en logistique et transport, ont tous une exp\u00e9rience confirm\u00e9e du monde de l&#8217;industrie et de la grande distribution. Nous pouvons ainsi identifier rapidement les solutions d&#8217;optimisation les plus adapt\u00e9es aux opportunit\u00e9s d&#8217;am\u00e9lioration des performances logistiques.<\/p>\n<\/div><\/div><\/div><div  class=\"bt_bb_column col-xxl-4 col-xl-4 bt_bb_vertical_align_top bt_bb_align_left bt_bb_padding_normal\"  data-width=\"4\" data-bt-override-class=\"{}\"><div class=\"bt_bb_column_content\"><div  class=\"bt_bb_text\" ><p>Notre d\u00e9marche est marqu\u00e9e par la concertation entre les diff\u00e9rents acteurs, par la satisfaction du client final et par la sensibilisation aux pr\u00e9occupations environnementales des acteurs de la chaine logistique.<br \/>\nA ce titre nous avons d\u00e9velopp\u00e9 d\u00e8s la cr\u00e9ation de notre cabinet une r\u00e9elle expertise et un ensemble de prestations et de projets \u00ab d\u00e9veloppement durable \u00bb aussi bien dans les secteurs de la logistique que des transports de marchandises.<\/p>\n<\/div><\/div><\/div><\/div><\/div><\/div><\/div><\/div><\/section><section id=\"bt_bb_section69f0c98eb2b64\"  class=\"bt_bb_section bt_bb_top_spacing_medium bt_bb_bottom_spacing_medium bt_bb_layout_boxed_1000 bt_bb_full_screen bt_bb_vertical_align_top\" style=\"background: linear-gradient(to bottom, #FFF 0%, #f5f5f5 100%);\"><div class=\"bt_bb_port\"><div class=\"bt_bb_cell\"><div class=\"bt_bb_cell_inner\"><div class=\"bt_bb_row_wrapper\"><div  class=\"bt_bb_row\" ><div  class=\"bt_bb_column col-xxl-12 col-xl-12 bt_bb_vertical_align_top bt_bb_align_left bt_bb_padding_normal\"  data-width=\"12\" data-bt-override-class=\"{}\"><div class=\"bt_bb_column_content\"><header class=\"bt_bb_headline bt_bb_dash_top bt_bb_size_large bt_bb_superheadline bt_bb_align_inherit\" data-bt-override-class=\"{}\"><div class=\"bt_bb_headline_superheadline_outside\"><span class=\"bt_bb_headline_superheadline\">NOTRE EQUIPE<\/span><\/div><\/header><div class=\"bt_bb_separator bt_bb_top_spacing_small bt_bb_border_style_none\"><\/div><div  class=\"bt_bb_text\" ><\/div><\/div><\/div><\/div><\/div><div class=\"bt_bb_row_wrapper\"><div  class=\"bt_bb_row\" ><div  class=\"bt_bb_column col-xxl-12 col-xl-12 bt_bb_vertical_align_top bt_bb_align_center bt_bb_padding_normal\"  data-width=\"12\" data-bt-override-class=\"{}\"><div class=\"bt_bb_column_content\"><div class=\"bt_bb_separator bt_bb_bottom_spacing_medium bt_bb_border_style_none\"><\/div><div class=\"bt_bb_content_slider bt_bb_gap_large bt_bb_arrows_size_normal bt_bb_show_dots_below bt_bb_height_auto bt_bb_animation_slide bt_bb_multiple_slides bt_bb_dots_style_accent_dot bt_bb_arrows_style_transparent_dark bt_bb_arrows_position_outside\"><div class=\"slick-slider\"  data-slick='{ \"lazyLoad\": \"progressive\", \"cssEase\": \"ease-out\", \"speed\": \"600\", \"prevArrow\": \"&lt;button type=\\\"button\\\" class=\\\"slick-prev\\\" aria-label=\\\"Previous\\\" tabindex=\\\"0\\\" role=\\\"button\\\"&gt;&lt;\/button&gt;\", \"nextArrow\": \"&lt;button type=\\\"button\\\" class=\\\"slick-next\\\" aria-label=\\\"Next\\\" tabindex=\\\"0\\\" role=\\\"button\\\"&gt;&lt;\/button&gt;\", \"adaptiveHeight\": true, \"dots\": true,\"slidesToShow\": 4,\"autoplay\": true, \"autoplaySpeed\": 3000,\"pauseOnHover\": false, \"responsive\": [{ \"breakpoint\": 480, \"settings\": { \"slidesToShow\": 1, \"slidesToScroll\": 1 } },{ \"breakpoint\": 768, \"settings\": { \"slidesToShow\": 2, \"slidesToScroll\": 2 } },{ \"breakpoint\": 920, \"settings\": { \"slidesToShow\": 3, \"slidesToScroll\": 3 } }]}' ><div class=\"bt_bb_content_slider_item\" style=\"\"><div class=\"bt_bb_content_slider_item_content content\"><div class=\"bt_bb_image bt_bb_shape_hard-rounded bt_bb_align_inherit bt_bb_hover_style_simple bt_bb_content_display_always bt_bb_content_align_middle bt_bb_fill_background_color_full\" style=\"max-width: 200px;\" data-bt-override-class=\"{&quot;bt_bb_align_&quot;:{&quot;current_class&quot;:&quot;bt_bb_align_inherit&quot;,&quot;xl&quot;:&quot;inherit&quot;}}\"><span><img loading=\"lazy\" decoding=\"async\" width=\"160\" height=\"160\" src=\"http:\/\/www.cpvassocies.com\/wp-content\/uploads\/2024\/05\/CPV-Pierre-CORRE-160x160.jpg\" class=\"attachment-thumbnail size-thumbnail\" alt=\"http:\/\/www.cpvassocies.com\/wp-content\/uploads\/2024\/05\/CPV-Pierre-CORRE-160x160.jpg\" data-full_image_src=\"http:\/\/www.cpvassocies.com\/wp-content\/uploads\/2024\/05\/CPV-Pierre-CORRE-scaled.jpg\" title=\"CPV-Pierre CORRE\" srcset=\"http:\/\/www.cpvassocies.com\/wp-content\/uploads\/2024\/05\/CPV-Pierre-CORRE-160x160.jpg 160w, http:\/\/www.cpvassocies.com\/wp-content\/uploads\/2024\/05\/CPV-Pierre-CORRE-320x320.jpg 320w, http:\/\/www.cpvassocies.com\/wp-content\/uploads\/2024\/05\/CPV-Pierre-CORRE-640x640.jpg 640w, http:\/\/www.cpvassocies.com\/wp-content\/uploads\/2024\/05\/CPV-Pierre-CORRE-1280x1280.jpg 1280w\" sizes=\"(max-width: 160px) 100vw, 160px\" \/><\/span><\/div><div class=\"bt_bb_separator bt_bb_top_spacing_small bt_bb_bottom_spacing_extra_small bt_bb_border_style_none\"><\/div><header class=\"bt_bb_headline bt_bb_dash_none bt_bb_size_extrasmall bt_bb_superheadline bt_bb_subheadline bt_bb_align_inherit\" data-bt-override-class=\"{&quot;bt_bb_size_&quot;:{&quot;current_class&quot;:&quot;bt_bb_size_extrasmall&quot;,&quot;xl&quot;:&quot;extrasmall&quot;},&quot;bt_bb_align_&quot;:{&quot;current_class&quot;:&quot;bt_bb_align_inherit&quot;,&quot;xl&quot;:&quot;inherit&quot;}}\"><div class=\"bt_bb_headline_superheadline_outside\"><span class=\"bt_bb_headline_superheadline\">DIRECTEUR ASSOCI\u00c9<\/span><\/div><h5 class=\"bt_bb_headline_tag\"><span class=\"bt_bb_headline_content\"><span>Pierre CORRE<\/span><\/span><\/h5><div class=\"bt_bb_headline_subheadline\">Pierre a plus de 30 ans d&#8217;exp\u00e9rience en Supply-Chain \u00e0 travers un parcours associant l\u2019op\u00e9rationnel, le conseil et la formation.<br \/>\r\nDirectement engag\u00e9 dans un grand nombre de missions d\u2019\u00e9tude de sch\u00e9mas logistiques, d\u2019am\u00e9lioration &#038; de transformation de la logistique ainsi que de formation dans les secteurs de l\u2019industrie, de la distribution et de la prestation logistique, Pierre est principalement en charge des missions de d\u00e9finition de sch\u00e9mas directeurs Supply-Chain, d\u2019excellence op\u00e9rationnelle, d\u2019optimisation des process entrep\u00f4ts et d\u2019accompagnement au changement.<br \/>\r\n<\/div><\/header><div class=\"bt_bb_separator bt_bb_top_spacing_extra_small bt_bb_bottom_spacing_small bt_bb_border_style_none\"><\/div><div  class=\"bt_bb_text\" ><\/div><div class=\"bt_bb_separator bt_bb_top_spacing_extra_small bt_bb_border_style_none\"><\/div><\/div><\/div><div class=\"bt_bb_content_slider_item\" style=\"\"><div class=\"bt_bb_content_slider_item_content content\"><div class=\"bt_bb_image bt_bb_shape_hard-rounded bt_bb_align_inherit bt_bb_hover_style_simple bt_bb_content_display_always bt_bb_content_align_middle bt_bb_fill_background_color_full\" style=\"max-width: 200px;\" data-bt-override-class=\"{&quot;bt_bb_align_&quot;:{&quot;current_class&quot;:&quot;bt_bb_align_inherit&quot;,&quot;xl&quot;:&quot;inherit&quot;}}\"><span><img loading=\"lazy\" decoding=\"async\" width=\"160\" height=\"160\" src=\"http:\/\/www.cpvassocies.com\/wp-content\/uploads\/2024\/05\/IMG_0280-160x160.jpg\" class=\"attachment-thumbnail size-thumbnail\" alt=\"http:\/\/www.cpvassocies.com\/wp-content\/uploads\/2024\/05\/IMG_0280-160x160.jpg\" data-full_image_src=\"http:\/\/www.cpvassocies.com\/wp-content\/uploads\/2024\/05\/IMG_0280-scaled.jpg\" title=\"IMG_0280\" srcset=\"http:\/\/www.cpvassocies.com\/wp-content\/uploads\/2024\/05\/IMG_0280-160x160.jpg 160w, http:\/\/www.cpvassocies.com\/wp-content\/uploads\/2024\/05\/IMG_0280-320x320.jpg 320w, http:\/\/www.cpvassocies.com\/wp-content\/uploads\/2024\/05\/IMG_0280-640x640.jpg 640w, http:\/\/www.cpvassocies.com\/wp-content\/uploads\/2024\/05\/IMG_0280-1280x1280.jpg 1280w\" sizes=\"(max-width: 160px) 100vw, 160px\" \/><\/span><\/div><div class=\"bt_bb_separator bt_bb_top_spacing_small bt_bb_bottom_spacing_extra_small bt_bb_border_style_none\"><\/div><header class=\"bt_bb_headline bt_bb_dash_none bt_bb_size_extrasmall bt_bb_superheadline bt_bb_subheadline bt_bb_align_inherit\" data-bt-override-class=\"{&quot;bt_bb_size_&quot;:{&quot;current_class&quot;:&quot;bt_bb_size_extrasmall&quot;,&quot;xl&quot;:&quot;extrasmall&quot;},&quot;bt_bb_align_&quot;:{&quot;current_class&quot;:&quot;bt_bb_align_inherit&quot;,&quot;xl&quot;:&quot;inherit&quot;}}\"><div class=\"bt_bb_headline_superheadline_outside\"><span class=\"bt_bb_headline_superheadline\">DIRECTEUR ASSOCI\u00c9<\/span><\/div><h5 class=\"bt_bb_headline_tag\"><span class=\"bt_bb_headline_content\"><span>Julien DARTHOUT<\/span><\/span><\/h5><div class=\"bt_bb_headline_subheadline\">Julien exerce ses missions principalement dans des projets d\u2019interface entre les acteurs de la chaine logistique.<br \/>\r\nSon expertise RSE permet d\u2019accompagner tant les acteurs priv\u00e9s que publics sur des probl\u00e9matiques d\u2019organisation logistique et transport.<br \/>\r\nJulien est par ailleurs Maitre de conf\u00e9rences associ\u00e9 \u00e0 l\u2019universit\u00e9 d\u2019Aix Marseille depuis 10 ans.<br \/>\r\n<\/div><\/header><div class=\"bt_bb_separator bt_bb_top_spacing_small bt_bb_bottom_spacing_extra_small bt_bb_border_style_none\"><\/div><div  class=\"bt_bb_text\" ><\/div><div class=\"bt_bb_separator bt_bb_top_spacing_extra_small bt_bb_border_style_none\"><\/div><\/div><\/div><div class=\"bt_bb_content_slider_item\" style=\"\"><div class=\"bt_bb_content_slider_item_content content\"><div class=\"bt_bb_image bt_bb_shape_hard-rounded bt_bb_align_inherit bt_bb_hover_style_simple bt_bb_content_display_always bt_bb_content_align_middle bt_bb_fill_background_color_full\" style=\"max-width: 200px;\" data-bt-override-class=\"{&quot;bt_bb_align_&quot;:{&quot;current_class&quot;:&quot;bt_bb_align_inherit&quot;,&quot;xl&quot;:&quot;inherit&quot;}}\"><span><img loading=\"lazy\" decoding=\"async\" width=\"160\" height=\"160\" src=\"http:\/\/www.cpvassocies.com\/wp-content\/uploads\/2024\/05\/CPV-Jerome-OLEA-160x160.jpg\" class=\"attachment-thumbnail size-thumbnail\" alt=\"http:\/\/www.cpvassocies.com\/wp-content\/uploads\/2024\/05\/CPV-Jerome-OLEA-160x160.jpg\" data-full_image_src=\"http:\/\/www.cpvassocies.com\/wp-content\/uploads\/2024\/05\/CPV-Jerome-OLEA-scaled.jpg\" title=\"CPV-Jerome OLEA\" srcset=\"http:\/\/www.cpvassocies.com\/wp-content\/uploads\/2024\/05\/CPV-Jerome-OLEA-160x160.jpg 160w, http:\/\/www.cpvassocies.com\/wp-content\/uploads\/2024\/05\/CPV-Jerome-OLEA-320x320.jpg 320w, http:\/\/www.cpvassocies.com\/wp-content\/uploads\/2024\/05\/CPV-Jerome-OLEA-640x640.jpg 640w, http:\/\/www.cpvassocies.com\/wp-content\/uploads\/2024\/05\/CPV-Jerome-OLEA-1280x1280.jpg 1280w\" sizes=\"(max-width: 160px) 100vw, 160px\" \/><\/span><\/div><div class=\"bt_bb_separator bt_bb_top_spacing_small bt_bb_bottom_spacing_extra_small bt_bb_border_style_none\"><\/div><header class=\"bt_bb_headline bt_bb_dash_none bt_bb_size_extrasmall bt_bb_superheadline bt_bb_subheadline bt_bb_align_inherit\" data-bt-override-class=\"{&quot;bt_bb_size_&quot;:{&quot;current_class&quot;:&quot;bt_bb_size_extrasmall&quot;,&quot;xl&quot;:&quot;extrasmall&quot;},&quot;bt_bb_align_&quot;:{&quot;current_class&quot;:&quot;bt_bb_align_inherit&quot;,&quot;xl&quot;:&quot;inherit&quot;}}\"><div class=\"bt_bb_headline_superheadline_outside\"><span class=\"bt_bb_headline_superheadline\">EXPERT TECHNIQUE<\/span><\/div><h5 class=\"bt_bb_headline_tag\"><span class=\"bt_bb_headline_content\"><span>J\u00e9r\u00f4me OLOA<\/span><\/span><\/h5><div class=\"bt_bb_headline_subheadline\">Apr\u00e8s 4 ann\u00e9es d\u2019exp\u00e9rience chez Boursorama Banque et plus de 10 ans chez GSV Communication, J\u00e9r\u00f4me s\u2019est sp\u00e9cialis\u00e9 dans le d\u00e9veloppement d\u2019applications web et dans le big data.<br \/>\r\nSon exp\u00e9rience aupr\u00e8s des grands acteurs de la logistique et du RSE lui permet d\u2019automatiser des processus d\u2019analyse de donn\u00e9es pour am\u00e9liorer leur efficacit\u00e9 dans de nombreux domaines.<br \/>\r\n<\/div><\/header><div class=\"bt_bb_separator bt_bb_top_spacing_small bt_bb_bottom_spacing_extra_small bt_bb_border_style_none\"><\/div><div class=\"bt_bb_separator bt_bb_top_spacing_extra_small bt_bb_border_style_none\"><\/div><\/div><\/div><div class=\"bt_bb_content_slider_item\" style=\"\"><div class=\"bt_bb_content_slider_item_content content\"><div class=\"bt_bb_image bt_bb_shape_hard-rounded bt_bb_align_inherit bt_bb_hover_style_simple bt_bb_content_display_always bt_bb_content_align_middle bt_bb_fill_background_color_full\" style=\"max-width: 200px;\" data-bt-override-class=\"{&quot;bt_bb_align_&quot;:{&quot;current_class&quot;:&quot;bt_bb_align_inherit&quot;,&quot;xl&quot;:&quot;inherit&quot;}}\"><span><img loading=\"lazy\" decoding=\"async\" width=\"160\" height=\"160\" src=\"http:\/\/www.cpvassocies.com\/wp-content\/uploads\/2024\/05\/CPV-Victor-RAWYLER-160x160.jpg\" class=\"attachment-thumbnail size-thumbnail\" alt=\"http:\/\/www.cpvassocies.com\/wp-content\/uploads\/2024\/05\/CPV-Victor-RAWYLER-160x160.jpg\" data-full_image_src=\"http:\/\/www.cpvassocies.com\/wp-content\/uploads\/2024\/05\/CPV-Victor-RAWYLER-scaled.jpg\" title=\"CPV-Victor RAWYLER\" srcset=\"http:\/\/www.cpvassocies.com\/wp-content\/uploads\/2024\/05\/CPV-Victor-RAWYLER-160x160.jpg 160w, http:\/\/www.cpvassocies.com\/wp-content\/uploads\/2024\/05\/CPV-Victor-RAWYLER-320x320.jpg 320w, http:\/\/www.cpvassocies.com\/wp-content\/uploads\/2024\/05\/CPV-Victor-RAWYLER-640x640.jpg 640w, http:\/\/www.cpvassocies.com\/wp-content\/uploads\/2024\/05\/CPV-Victor-RAWYLER-1280x1280.jpg 1280w\" sizes=\"(max-width: 160px) 100vw, 160px\" \/><\/span><\/div><div class=\"bt_bb_separator bt_bb_top_spacing_small bt_bb_bottom_spacing_extra_small bt_bb_border_style_none\"><\/div><header class=\"bt_bb_headline bt_bb_dash_none bt_bb_size_extrasmall bt_bb_superheadline bt_bb_subheadline bt_bb_align_inherit\" data-bt-override-class=\"{&quot;bt_bb_size_&quot;:{&quot;current_class&quot;:&quot;bt_bb_size_extrasmall&quot;,&quot;xl&quot;:&quot;extrasmall&quot;},&quot;bt_bb_align_&quot;:{&quot;current_class&quot;:&quot;bt_bb_align_inherit&quot;,&quot;xl&quot;:&quot;inherit&quot;}}\"><div class=\"bt_bb_headline_superheadline_outside\"><span class=\"bt_bb_headline_superheadline\">CONSULTANT<\/span><\/div><h5 class=\"bt_bb_headline_tag\"><span class=\"bt_bb_headline_content\"><span>Victor RAWYLER<\/span><\/span><\/h5><div class=\"bt_bb_headline_subheadline\">Victor dispose d\u2019une exp\u00e9rience de pilotage de projets collaboratifs en Supply Chain, RSE et Innovation.<br \/>\r\nA ce titre il coordonne les activit\u00e9s du Club D\u00e9m\u00e9ter et de la Fabrique de la Logistique, o\u00f9 il accompagne les entreprises \u00e0 d\u00e9velopper collectivement des projets. Il est \u00e9galement sp\u00e9cialis\u00e9 dans l&#8217;accompagnement des chargeurs dans le dispositif FRET 21.<\/div><\/header><div class=\"bt_bb_separator bt_bb_top_spacing_small bt_bb_bottom_spacing_extra_small bt_bb_border_style_none\"><\/div><div class=\"bt_bb_separator bt_bb_top_spacing_extra_small bt_bb_border_style_none\"><\/div><\/div><\/div><div class=\"bt_bb_content_slider_item\" style=\"\"><div class=\"bt_bb_content_slider_item_content content\"><div class=\"bt_bb_image bt_bb_shape_hard-rounded bt_bb_align_inherit bt_bb_hover_style_simple bt_bb_content_display_always bt_bb_content_align_middle bt_bb_fill_background_color_full\" style=\"max-width: 200px;\" data-bt-override-class=\"{&quot;bt_bb_align_&quot;:{&quot;current_class&quot;:&quot;bt_bb_align_inherit&quot;,&quot;xl&quot;:&quot;inherit&quot;}}\"><span><img loading=\"lazy\" decoding=\"async\" width=\"160\" height=\"160\" src=\"http:\/\/www.cpvassocies.com\/wp-content\/uploads\/2024\/05\/CPV-Helena-EBERT-160x160.jpg\" class=\"attachment-thumbnail size-thumbnail\" alt=\"http:\/\/www.cpvassocies.com\/wp-content\/uploads\/2024\/05\/CPV-Helena-EBERT-160x160.jpg\" data-full_image_src=\"http:\/\/www.cpvassocies.com\/wp-content\/uploads\/2024\/05\/CPV-Helena-EBERT-scaled.jpg\" title=\"CPV-Helena EBERT\" srcset=\"http:\/\/www.cpvassocies.com\/wp-content\/uploads\/2024\/05\/CPV-Helena-EBERT-160x160.jpg 160w, http:\/\/www.cpvassocies.com\/wp-content\/uploads\/2024\/05\/CPV-Helena-EBERT-320x320.jpg 320w, http:\/\/www.cpvassocies.com\/wp-content\/uploads\/2024\/05\/CPV-Helena-EBERT-640x640.jpg 640w, http:\/\/www.cpvassocies.com\/wp-content\/uploads\/2024\/05\/CPV-Helena-EBERT-1280x1280.jpg 1280w\" sizes=\"(max-width: 160px) 100vw, 160px\" \/><\/span><\/div><div class=\"bt_bb_separator bt_bb_top_spacing_small bt_bb_bottom_spacing_extra_small bt_bb_border_style_none\"><\/div><header class=\"bt_bb_headline bt_bb_dash_none bt_bb_size_extrasmall bt_bb_superheadline bt_bb_subheadline bt_bb_align_inherit\" data-bt-override-class=\"{&quot;bt_bb_size_&quot;:{&quot;current_class&quot;:&quot;bt_bb_size_extrasmall&quot;,&quot;xl&quot;:&quot;extrasmall&quot;},&quot;bt_bb_align_&quot;:{&quot;current_class&quot;:&quot;bt_bb_align_inherit&quot;,&quot;xl&quot;:&quot;inherit&quot;}}\"><div class=\"bt_bb_headline_superheadline_outside\"><span class=\"bt_bb_headline_superheadline\">CONSULTANTE<\/span><\/div><h5 class=\"bt_bb_headline_tag\"><span class=\"bt_bb_headline_content\"><span>Helena EBERT<\/span><\/span><\/h5><div class=\"bt_bb_headline_subheadline\">Helena participe \u00e0 la r\u00e9alisation de missions, tant de logistique op\u00e9rationnelle que de logistique durable. Elle accompagne des acteurs priv\u00e9s comme publics \u00e0 la r\u00e9solution de leurs probl\u00e9matiques logistiques.<\/div><\/header><div class=\"bt_bb_separator bt_bb_top_spacing_small bt_bb_bottom_spacing_extra_small bt_bb_border_style_none\"><\/div><div class=\"bt_bb_separator bt_bb_top_spacing_extra_small bt_bb_border_style_none\"><\/div><\/div><\/div><div class=\"bt_bb_content_slider_item\" style=\"\"><div class=\"bt_bb_content_slider_item_content content\"><div class=\"bt_bb_image bt_bb_shape_hard-rounded bt_bb_align_inherit bt_bb_hover_style_simple bt_bb_content_display_always bt_bb_content_align_middle bt_bb_fill_background_color_full\" data-bt-override-class=\"{&quot;bt_bb_align_&quot;:{&quot;current_class&quot;:&quot;bt_bb_align_inherit&quot;,&quot;xl&quot;:&quot;inherit&quot;}}\"><span><img loading=\"lazy\" decoding=\"async\" width=\"160\" height=\"160\" src=\"http:\/\/www.cpvassocies.com\/wp-content\/uploads\/2025\/01\/CPV-Lena-TOLOSA-160x160.jpg\" class=\"attachment-thumbnail size-thumbnail\" alt=\"http:\/\/www.cpvassocies.com\/wp-content\/uploads\/2025\/01\/CPV-Lena-TOLOSA-160x160.jpg\" data-full_image_src=\"http:\/\/www.cpvassocies.com\/wp-content\/uploads\/2025\/01\/CPV-Lena-TOLOSA-scaled.jpg\" title=\"CPV-L\u00e9na TOLOSA\" srcset=\"http:\/\/www.cpvassocies.com\/wp-content\/uploads\/2025\/01\/CPV-Lena-TOLOSA-160x160.jpg 160w, http:\/\/www.cpvassocies.com\/wp-content\/uploads\/2025\/01\/CPV-Lena-TOLOSA-320x320.jpg 320w, http:\/\/www.cpvassocies.com\/wp-content\/uploads\/2025\/01\/CPV-Lena-TOLOSA-640x640.jpg 640w, http:\/\/www.cpvassocies.com\/wp-content\/uploads\/2025\/01\/CPV-Lena-TOLOSA-1280x1280.jpg 1280w\" sizes=\"(max-width: 160px) 100vw, 160px\" \/><\/span><\/div><div class=\"bt_bb_separator bt_bb_top_spacing_small bt_bb_bottom_spacing_extra_small bt_bb_border_style_none\"><\/div><header class=\"bt_bb_headline bt_bb_dash_none bt_bb_size_extrasmall bt_bb_superheadline bt_bb_subheadline bt_bb_align_inherit\" data-bt-override-class=\"{&quot;bt_bb_size_&quot;:{&quot;current_class&quot;:&quot;bt_bb_size_extrasmall&quot;,&quot;xl&quot;:&quot;extrasmall&quot;},&quot;bt_bb_align_&quot;:{&quot;current_class&quot;:&quot;bt_bb_align_inherit&quot;,&quot;xl&quot;:&quot;inherit&quot;}}\"><div class=\"bt_bb_headline_superheadline_outside\"><span class=\"bt_bb_headline_superheadline\">CONSULTANTE<\/span><\/div><h5 class=\"bt_bb_headline_tag\"><span class=\"bt_bb_headline_content\"><span>L\u00e9na TOLOSA<\/span><\/span><\/h5><div class=\"bt_bb_headline_subheadline\">R\u00e9cemment dipl\u00f4m\u00e9e, L\u00e9na se sp\u00e9cialise en logistique durable et op\u00e9rationnelle. Elle soutient les entreprises et les organismes publics dans l&#8217;optimisation de leurs processus logistiques. L\u00e9na coordonne notamment des projets innovants en Supply Chain et RSE, aidant \u00e0 d\u00e9velopper des solutions collectives et durables.<\/div><\/header><div class=\"bt_bb_separator bt_bb_top_spacing_small bt_bb_bottom_spacing_extra_small bt_bb_border_style_none\"><\/div><div class=\"bt_bb_separator bt_bb_top_spacing_extra_small bt_bb_border_style_none\"><\/div><\/div><\/div><\/div><\/div><\/div><\/div><\/div><\/div><\/div><\/div><\/div><\/section><\/div>","protected":false},"excerpt":{"rendered":"","protected":false},"author":1,"featured_media":0,"parent":0,"menu_order":0,"comment_status":"closed","ping_status":"closed","template":"","meta":{"footnotes":""},"_links":{"self":[{"href":"http:\/\/www.cpvassocies.com\/index.php\/wp-json\/wp\/v2\/pages\/2261"}],"collection":[{"href":"http:\/\/www.cpvassocies.com\/index.php\/wp-json\/wp\/v2\/pages"}],"about":[{"href":"http:\/\/www.cpvassocies.com\/index.php\/wp-json\/wp\/v2\/types\/page"}],"author":[{"embeddable":true,"href":"http:\/\/www.cpvassocies.com\/index.php\/wp-json\/wp\/v2\/users\/1"}],"replies":[{"embeddable":true,"href":"http:\/\/www.cpvassocies.com\/index.php\/wp-json\/wp\/v2\/comments?post=2261"}],"version-history":[{"count":69,"href":"http:\/\/www.cpvassocies.com\/index.php\/wp-json\/wp\/v2\/pages\/2261\/revisions"}],"predecessor-version":[{"id":3714,"href":"http:\/\/www.cpvassocies.com\/index.php\/wp-json\/wp\/v2\/pages\/2261\/revisions\/3714"}],"wp:attachment":[{"href":"http:\/\/www.cpvassocies.com\/index.php\/wp-json\/wp\/v2\/media?parent=2261"}],"curies":[{"name":"wp","href":"https:\/\/api.w.org\/{rel}","templated":true}]}}